{"version":"1.0","provider_name":"Juntos por Quilmes","provider_url":"https:\/\/juntosporquilmes.com.ar\/inicio","author_name":"admin-vdb","author_url":"https:\/\/juntosporquilmes.com.ar\/inicio\/author\/admin-vdb\/","title":"SOBRE EL 25 DE MAYO Y NUESTROS R\u00cdOS - Juntos por Quilmes","type":"rich","width":600,"height":338,"html":"<blockquote class=\"wp-embedded-content\" data-secret=\"V5mMhhHmnz\"><a href=\"https:\/\/juntosporquilmes.com.ar\/inicio\/2021\/05\/sobre-el-25-de-mayo-y-nuestros-rios\/\">SOBRE EL 25  DE MAYO Y NUESTROS R\u00cdOS<\/a><\/blockquote><iframe sandbox=\"allow-scripts\" security=\"restricted\" src=\"https:\/\/juntosporquilmes.com.ar\/inicio\/2021\/05\/sobre-el-25-de-mayo-y-nuestros-rios\/embed\/#?secret=V5mMhhHmnz\" width=\"600\" height=\"338\" title=\"\u00abSOBRE EL 25  DE MAYO Y NUESTROS R\u00cdOS\u00bb \u2014 Juntos por Quilmes\" data-secret=\"V5mMhhHmnz\" frameborder=\"0\" marginwidth=\"0\" marginheight=\"0\" scrolling=\"no\" class=\"wp-embedded-content\"><\/iframe><script type=\"text\/javascript\">\n\/* <![CDATA[ *\/\n\/*! This file is auto-generated *\/\n!function(d,l){\"use strict\";l.querySelector&&d.addEventListener&&\"undefined\"!=typeof URL&&(d.wp=d.wp||{},d.wp.receiveEmbedMessage||(d.wp.receiveEmbedMessage=function(e){var t=e.data;if((t||t.secret||t.message||t.value)&&!\/[^a-zA-Z0-9]\/.test(t.secret)){for(var s,r,n,a=l.querySelectorAll('iframe[data-secret=\"'+t.secret+'\"]'),o=l.querySelectorAll('blockquote[data-secret=\"'+t.secret+'\"]'),c=new RegExp(\"^https?:$\",\"i\"),i=0;i<o.length;i++)o[i].style.display=\"none\";for(i=0;i<a.length;i++)s=a[i],e.source===s.contentWindow&&(s.removeAttribute(\"style\"),\"height\"===t.message?(1e3<(r=parseInt(t.value,10))?r=1e3:~~r<200&&(r=200),s.height=r):\"link\"===t.message&&(r=new URL(s.getAttribute(\"src\")),n=new URL(t.value),c.test(n.protocol))&&n.host===r.host&&l.activeElement===s&&(d.top.location.href=t.value))}},d.addEventListener(\"message\",d.wp.receiveEmbedMessage,!1),l.addEventListener(\"DOMContentLoaded\",function(){for(var e,t,s=l.querySelectorAll(\"iframe.wp-embedded-content\"),r=0;r<s.length;r++)(t=(e=s[r]).getAttribute(\"data-secret\"))||(t=Math.random().toString(36).substring(2,12),e.src+=\"#?secret=\"+t,e.setAttribute(\"data-secret\",t)),e.contentWindow.postMessage({message:\"ready\",secret:t},\"*\")},!1)))}(window,document);\n\/\/# sourceURL=https:\/\/juntosporquilmes.com.ar\/inicio\/wp-includes\/js\/wp-embed.min.js\n\/* ]]> *\/\n<\/script>\n","thumbnail_url":"https:\/\/juntosporquilmes.com.ar\/inicio\/wp-content\/uploads\/2021\/05\/ARIEL.jpg","thumbnail_width":1134,"thumbnail_height":709,"description":"Por: Mg. Ariel Hartlich En los \u00faltimos meses cobr\u00f3 notoriedad la situaci\u00f3n que atraviesa nuestra red troncal navegable; o dicho de otra manera el sistema fluvial y portuario de los r\u00edos Paran\u00e1, Paraguay, Uruguay y de La Plata. Conviene subrayar que, muchas veces a este complejo se lo denomina hidrov\u00eda, utilizando el nombre de la [&hellip;]"}